{"id":4723,"date":"2019-04-08T14:12:54","date_gmt":"2019-04-08T12:12:54","guid":{"rendered":"https:\/\/www.neva.eu\/rgpd\/"},"modified":"2025-02-28T11:17:59","modified_gmt":"2025-02-28T10:17:59","slug":"rgpd","status":"publish","type":"page","link":"https:\/\/www.neva.eu\/fr\/rgpd\/","title":{"rendered":"RGPD"},"content":{"rendered":"        <section id=\"component-d4b146b8aa92b7ffc2cd319c88911a35\" class=\"component component-page-header page-header\">\n                    <section class=\"component component-breadcrumb\">\n              <div class=\"container-xl\">\n          <nav aria-label=\"breadcrumb\">\n    <ol class=\"breadcrumb\" itemscope itemtype=\"http:\/\/schema.org\/BreadcrumbList\">\n                      <li class=\"breadcrumb-item active\"itemprop=\"itemListElement\" itemscope itemtype=\"http:\/\/schema.org\/ListItem\" aria-current=\"page\">\n                      <span class=\"current\" itemscope itemtype=\"http:\/\/schema.org\/Thing\" itemprop=\"item\" id=\"breadcrumb-item-1\">\n              <span itemprop=\"name\">\n                Accueil\n              <\/span>\n            <\/span>\n            <meta itemprop=\"position\" content=\"1\" \/>\n                  <\/li>\n          <\/ol>\n  <\/nav>\n          <\/div>\n      <\/section>\n\n<div class=\"page-header__inner\">\n  <div class=\"container-xl\">\n          <h1 class=\"page-header__title\">RGPD<\/h1>\n              <\/div>\n<\/div>\n      <\/section>\n\n\n<div class=\"wp-bootstrap-blocks-container container mb-2\">\n\t\n\n<h2 class=\"wp-block-heading\">1. Introduction<\/h2>\n\n\n\n<p><strong>Le pr\u00e9sent document (ci-apr\u00e8s d\u00e9nomm\u00e9 \u00ab&nbsp;R\u00e8gles&nbsp;\u00bb) fournit aux clients, fournisseurs et partenaires commerciaux (ci-apr\u00e8s ensemble d\u00e9sign\u00e9s \u00ab&nbsp;Personnes concern\u00e9es&nbsp;\u00bb) de la soci\u00e9t\u00e9 \u017dALUZIE NEVA s.r.o.,<\/strong> sise \u00e0 H\u00e1j 370, 798 12 Kralice na Han\u00e9, N\u00b0 d\u2019identification 26301270, inscrite au registre du commerce de Brno, intercalaire C 42544 (ci-apr\u00e8s d\u00e9sign\u00e9e \u00ab&nbsp;le Responsable du traitement&nbsp;\u00bb) <strong>des informations sur le mode de traitement des donn\u00e9es \u00e0 caract\u00e8re personnel et sur les droits qui en d\u00e9coulent comme le d\u00e9termine l\u2019article 12 du<\/strong>&nbsp;R\u00e8glement (EU) 2016\/679 du parlement europ\u00e9en et du conseil relatif \u00e0 la protection des personnes physiques \u00e0 l&#8217;\u00e9gard du traitement des donn\u00e9es \u00e0 caract\u00e8re personnel et \u00e0 la libre circulation de ces donn\u00e9es, et abrogeant la directive 95\/46\/CE (r\u00e8glement g\u00e9n\u00e9ral sur la protection des donn\u00e9es).<\/p>\n\n\n\n<p>Les donn\u00e9es \u00e0 caract\u00e8re personnel sont des informations se rapportant \u00e0 une personne physique identifi\u00e9e ou identifiable ; est r\u00e9put\u00e9e \u00eatre une \u00abpersonne physique identifiable\u00bb toute personne physique qui peut \u00eatre identifi\u00e9e, directement ou indirectement, notamment par r\u00e9f\u00e9rence \u00e0 un identifiant, tel que le nom, le num\u00e9ro d&#8217;identification, les donn\u00e9es de localisation ou l\u2019identifiant en ligne de cette personne physique.<\/p>\n\n\n\n<p>Le responsable du traitement n\u2019a pas nomm\u00e9 de d\u00e9l\u00e9gu\u00e9 \u00e0 la protection des donn\u00e9es personnelles.<\/p>\n\n\n\n<h2 class=\"wp-block-heading\">2<strong>. <\/strong>Responsable du traitement des donn\u00e9es personnelles<\/h2>\n\n\n\n<p>Le responsable est en droit de transmettre les donn\u00e9es \u00e0 caract\u00e8re personnel \u00e0 des personnes concern\u00e9es avec lesquelles il a conclu un contrat de traitement des donn\u00e9es personnelles et qui traiteront les donn\u00e9es personnelles pour le compte du Responsable du traitement. En \u00e9gard \u00e0 ce qui pr\u00e9c\u00e8de, le Responsable du traitement est en droit de transmettre les donn\u00e9es des Personnes concern\u00e9es aux personnes suivantes, \u00e9ventuellement aux cat\u00e9gories de personnes suivantes&nbsp;:<\/p>\n\n\n\n<ul class=\"wp-block-list\">\n<li>une soci\u00e9t\u00e9 ou des personnes assurant le transport de la marchandise,<\/li>\n\n\n\n<li>des entreprises de montage,<\/li>\n\n\n\n<li>des personnes assurant le fonctionnement du logiciel et l\u2019enregistrement des donn\u00e9es (cr\u00e9ation de commandes).<\/li>\n<\/ul>\n\n\n\n<p>Les donn\u00e9es \u00e0 caract\u00e8re personnel de la Personne concern\u00e9e peuvent \u00e9galement \u00eatre transmise aux destinataires suivants \/ aux cat\u00e9gories de destinataires suivants&nbsp;:<\/p>\n\n\n\n<ul class=\"wp-block-list\">\n<li>les fournisseurs du Responsable du traitement,<\/li>\n\n\n\n<li>les employ\u00e9s du Responsable du traitement,<\/li>\n\n\n\n<li>les personnes ayant une relation contractuelle avec le Responsable du traitement (par exemple des soci\u00e9t\u00e9s assurant des services de marketing ou de publicit\u00e9),<\/li>\n\n\n\n<li>des institutions financi\u00e8res et soci\u00e9t\u00e9s d\u2019assurance,<\/li>\n\n\n\n<li>des organes l\u00e9gaux dans le cadre du respect des obligations l\u00e9gales du Responsable des donn\u00e9es telles qu\u2019elles sont \u00e9tablies par les dispositions l\u00e9gales pertinentes.<\/li>\n<\/ul>\n\n\n\n<p><\/p>\n\n\n\n<h2 class=\"wp-block-heading\">3<strong>. <\/strong>Cat\u00e9gories de donn\u00e9es \u00e0 caract\u00e8re personnel<\/h2>\n\n\n\n<p>Le Responsable du traitement est en droit de traiter les donn\u00e9es \u00e0 caract\u00e8re personnel de la Personne concern\u00e9e&nbsp;:<\/p>\n\n\n\n<ul class=\"wp-block-list\">\n<li>l\u2019adresse et les donn\u00e9es d\u2019identification permettant l\u2019identification claire et exacte de la Personne concern\u00e9e (par ex. le nom, le pr\u00e9nom, le titre, l\u2019adresse de domicile, l\u2019adresse du si\u00e8ge d\u2019entreprise, l\u2019adresse de livraison, le n\u00b0 d\u2019identification, le n\u00b0 de TVA intracommunautaire) et ses coordonn\u00e9es (par ex. son adresse, son num\u00e9ro de t\u00e9l\u00e9phone, son adresse mail etc.),<\/li>\n\n\n\n<li>d\u2019autres donn\u00e9es descriptives (par exemple les coordonn\u00e9es bancaires, l\u2019historique des commandes),<\/li>\n\n\n\n<li>des photographies, des sch\u00e9mas d\u2019aper\u00e7u, des banni\u00e8res publicitaires, des vid\u00e9os,<\/li>\n\n\n\n<li>des donn\u00e9es d\u00e9passant le cadre des lois et trait\u00e9es sur la base d\u2019un accord d\u00e9livr\u00e9 par la Personne concern\u00e9e (par exemple l\u2019utilisation des donn\u00e9es personnelles dans le cadre de la gestion des ressources humaines, l\u2019utilisation de donn\u00e9es personnelles dans le cadre d\u2019une campagne de promotion ou similaire),<\/li>\n\n\n\n<li>le param\u00e9trage personnel (pr\u00e9f\u00e9rence), y compris dans le domaine du marketing et de l\u2019utilisation des cookies par la Personne concern\u00e9e,<\/li>\n\n\n\n<li>d\u2019autres donn\u00e9es indispensables pour satisfaire les contrats,<\/li>\n\n\n\n<li>d\u2019autres donn\u00e9es que la Personne concern\u00e9e a fourni au Responsable des donn\u00e9es.<\/li>\n<\/ul>\n\n\n\n<p><\/p>\n\n\n\n<h2 class=\"wp-block-heading\">4<strong>. <\/strong>Finalit\u00e9s du traitement des donn\u00e9es \u00e0 caract\u00e8re personnel<\/h2>\n\n\n\n<p>Le responsable des donn\u00e9es \u00e0 caract\u00e8re personnel traite les donn\u00e9es de la Personne concern\u00e9e dans les finalit\u00e9s suivantes&nbsp;:<\/p>\n\n\n\n<ul class=\"wp-block-list\">\n<li>A) r\u00e9alisation du contrat en application de l\u2019article 6, paragraphe 1, point b) de RGPD,<\/li>\n<\/ul>\n\n\n\n<ul class=\"wp-block-list\">\n<li>B) respect des obligations l\u00e9gales du Responsable du traitement d\u00e9termin\u00e9es par une base juridique en application de l\u2019article 6, paragraphe 1, point c) du RGPD (par exemple l\u2019obligation du Responsable des donn\u00e9es de conserver tous ses documents comptables et fiscaux),<\/li>\n<\/ul>\n\n\n\n<ul class=\"wp-block-list\">\n<li>C) constatation, exercice ou d\u00e9fense des droits du Responsable du traitement en application de l\u2019article 6, paragraphe 1, point f) du RGPD,<\/li>\n<\/ul>\n\n\n\n<ul class=\"wp-block-list\">\n<li>D) envoi de messages commerciaux conform\u00e9ment \u00e0 l\u2019article 6, paragraphe 1, point f) du RGPD du fait de l\u2019existence d\u2019un int\u00e9r\u00eat l\u00e9gitime reposant sur le marketing direct,<\/li>\n\n\n\n<li>E) d\u2019autres fins de marketing du Responsable des donn\u00e9es li\u00e9es \u00e0 l\u2019offre de produits et de services : l\u2019envoi d\u2019informations sur les nouveaut\u00e9s (produits, technologies, showrooms), les pr\u00e9sentations de la soci\u00e9t\u00e9 (salons, expositions), les services etc. (par exemple sous forme d\u2019envoi de newsletters, le t\u00e9l\u00e9marketing) ; la prise de contact dans le cadre d\u2019une \u00e9tude de march\u00e9 et d\u2019une \u00e9tude de marketing&nbsp;; la prise de contact dans le cadre de f\u00eates importantes et l\u2019envoi de bons d\u2019achat etc. conform\u00e9ment \u00e0 l\u2019article 6, paragraphe 1, lettre a) de RGPD.<\/li>\n<\/ul>\n\n\n\n<p><\/p>\n\n\n\n<h2 class=\"wp-block-heading\">5<strong>. <\/strong>Dur\u00e9e de traitement des donn\u00e9es \u00e0 caract\u00e8re personnel<\/h2>\n\n\n\n<p>Les donn\u00e9es \u00e0 caract\u00e8re personnel ne seront trait\u00e9es que pendant la dur\u00e9e strictement n\u00e9cessaire au vu de la finalit\u00e9 de leur traitement. Dans le cadre des cat\u00e9gories pr\u00e9c\u00e9dentes :<\/p>\n\n\n\n<ul class=\"wp-block-list\">\n<li>les donn\u00e9es personnelles indiqu\u00e9es au point A) seront trait\u00e9es jusqu\u2019\u00e0 la fin de la relation contractuelle (ce qui ne supprime pas la possibilit\u00e9 du Responsable des donn\u00e9es de continuer \u00e0 traiter ces donn\u00e9es m\u00eame par la suite, dans l\u2019ampleur indispensable ;<\/li>\n\n\n\n<li>dans le cadre des points B), C), D) et\/ou E) ci-dessus ;<\/li>\n\n\n\n<li>les donn\u00e9es personnelles indiqu\u00e9es au point B) seront trait\u00e9es pendant toute la dur\u00e9e des obligations l\u00e9gales correspondantes du Responsable des donn\u00e9es ;<\/li>\n\n\n\n<li>les donn\u00e9es personnelles indiqu\u00e9es au point C) seront trait\u00e9es pendant une dur\u00e9e de 4 ann\u00e9es calendaires faisant suite \u00e0 la p\u00e9riode de garantie conform\u00e9ment au contrat (si une garantie a \u00e9t\u00e9 conclue dans le contrat), mais au moins 5 ann\u00e9es calendaires apr\u00e8s l\u2019ex\u00e9cution des engagements contractuels. Si une proc\u00e9dure judiciaire, administrative ou autre impliquant les droits et les obligations du Responsable des donn\u00e9es dans le cadre de sa relation avec la Personne concern\u00e9e a \u00e9t\u00e9 engag\u00e9e, ladite dur\u00e9e ne prend pas fin selon le point C) ci-dessus avant la fin d\u2019une telle proc\u00e9dure ;<\/li>\n\n\n\n<li>les donn\u00e9es personnelles indiqu\u00e9es au point D) seront trait\u00e9es jusqu\u2019\u00e0 ce que la Personne concern\u00e9e exprime son d\u00e9saccord avec un tel traitement ;<\/li>\n\n\n\n<li>les donn\u00e9es personnelles indiqu\u00e9es au point E) seront trait\u00e9es pendant toute la dur\u00e9e pendant laquelle la Personne concern\u00e9e aura donn\u00e9 son accord au Responsable du traitement sur la base d\u2019un accord de traitement des donn\u00e9es \u00e0 caract\u00e8re personnel approuv\u00e9. Dans un tel cas, la Personne concern\u00e9e est consciente que le Responsable du traitement peut \u00e0 nouveau la contacter avant la fin de validit\u00e9 du pr\u00e9c\u00e9dent accord pour lui demander le renouvellement de cet accord.<\/li>\n<\/ul>\n\n\n\n<p>Au plus tard \u00e0 la fin du trimestre suivant celui au cours duquel les dur\u00e9es de traitement des donn\u00e9es personnelles ci-dessus d\u00e9finies auront pris fin, les donn\u00e9es personnelles pour lesquelles la dur\u00e9e de traitement aura \u00e9t\u00e9 d\u00e9pass\u00e9e devront \u00eatre \u00e9limin\u00e9es (\u00e0 l\u2019aide d\u2019un destructeur de papier ou de toute autre fa\u00e7on s\u2019assurant qu\u2019aucune personne non autoris\u00e9e ne pourra en prendre connaissance) ou rendues anonymes.<\/p>\n\n\n\n<h2 class=\"wp-block-heading\">6. Mode de traitement des donn\u00e9es \u00e0 caract\u00e8re personnel<\/h2>\n\n\n\n<p>Le traitement des donn\u00e9es \u00e0 caract\u00e8re personnel est assur\u00e9 par le Responsable du traitement. Le traitement est effectu\u00e9 dans les filiales, les antennes et le si\u00e8ge du Responsable du traitement par les employ\u00e9s du Responsable du traitement, \u00e9ventuellement par un Sous-traitant. Le traitement est effectu\u00e9 informatiquement, \u00e9ventuellement manuellement lorsqu\u2019il s\u2019agit de coordonn\u00e9es personnelles indiqu\u00e9es sur papier, en respectant tous les principes de s\u00e9curit\u00e9 pour la gestion et le traitement des donn\u00e9es personnelles. Dans cet objectif, le Responsable du traitement a pris les mesures techniques et organisationnelles n\u00e9cessaires pour assurer la protection des donn\u00e9es \u00e0 caract\u00e8re personnel, notamment les mesures n\u00e9cessaires pour qu\u2019il ne puisse pas y avoir d\u2019acc\u00e8s al\u00e9atoire ou non autoris\u00e9 aux donn\u00e9es, pour que ces donn\u00e9es ne puissent pas \u00eatre modifi\u00e9es, d\u00e9truites, perdues, transf\u00e9r\u00e9es sans autorisation, ill\u00e9gitimement trait\u00e9es et pour qu\u2019aucun abus ne puisse en \u00eatre fait. Toutes les personnes qui pourraient avoir acc\u00e8s aux donn\u00e9es \u00e0 caract\u00e8re personnel doivent respecter le droit de la Personne concern\u00e9e au respect de sa vie priv\u00e9e et elles sont donc dans l\u2019obligation de proc\u00e9der conform\u00e9ment aux r\u00e9glementations l\u00e9gales en vigueur concernant la protection des donn\u00e9es \u00e0 caract\u00e8re personnel. Aucune d\u00e9cision individuelle automatique ou profilage ne sera effectu\u00e9 sur la base des donn\u00e9es \u00e0 caract\u00e8re personnel fournies. Les donn\u00e9es personnelles sur la personne concern\u00e9e ne seront pas transmises dans des pays tiers (c\u2019est-\u00e0-dire les pays hors UE et EEE).<\/p>\n\n\n\n<h2 class=\"wp-block-heading\">7.<strong> <\/strong>Droits en ce qui concerne le traitement des donn\u00e9es \u00e0 caract\u00e8re personnel<\/h2>\n\n\n\n<p>En ce qui concerne le traitement de leurs donn\u00e9es \u00e0 caract\u00e8re personnel, les Personnes concern\u00e9es d\u00e9tiennent un certain nombre de droits, notamment d\u2019exiger de la part du Responsable des donn\u00e9es&nbsp;:<\/p>\n\n\n\n<ul class=\"wp-block-list\">\n<li>l\u2019acc\u00e8s \u00e0 ses propres donn\u00e9es \u00e0 caract\u00e8re personnel (dans les conditions de l\u2019article 15 de RGPD),<\/li>\n\n\n\n<li>la rectification et l\u2019effacement de ses donn\u00e9es \u00e0 caract\u00e8re personnel (dans les conditions de l\u2019article 16 ou 17 de RGPD),<\/li>\n\n\n\n<li>la limitation du traitement des donn\u00e9es \u00e0 caract\u00e8re personnel (dans les conditions de l\u2019article 18 de RGPD),<\/li>\n\n\n\n<li>le droit de s&#8217;opposer au traitement des donn\u00e9es \u00e0 caract\u00e8re personnel (dans les conditions de l\u2019article 21 de RGPD),<\/li>\n\n\n\n<li>le droit \u00e0 la portabilit\u00e9 des donn\u00e9es (dans les conditions de l\u2019article 20 de RGPD),<\/li>\n\n\n\n<li>le droit au retrait du consentement au traitement des donn\u00e9es \u00e0 caract\u00e8re personnel et ce, soit sous forme \u00e9crite, soit sous forme \u00e9lectronique \u00e0 l\u2019adresse postale ou \u00e0 l\u2019adresse \u00e9lectronique du Responsable des donn\u00e9es telles qu\u2019indiqu\u00e9es dans les pr\u00e9sentes R\u00e8gles.<\/li>\n<\/ul>\n\n\n\n<p>Si la Personne concern\u00e9e constate ou estime que ses donn\u00e9es \u00e0 caract\u00e8re personnel sont trait\u00e9es en violation avec les principes de protection de la vie priv\u00e9e de la Personne concern\u00e9e ou en violation avec les r\u00e9glementations l\u00e9gales, il a le droit de contacter le Responsable du traitement pour lui demander des explications et\/ou pour lui demander qu\u2019il soit rem\u00e9di\u00e9 au probl\u00e8me. Une telle demande doit \u00eatre envoy\u00e9e par lettre \u00e9crite ou \u00e9lectronique \u00e0 l\u2019adresse du Responsable des donn\u00e9es&nbsp;:&nbsp;<a href=\"mailto:info@neva.eu\">info@neva.eu<\/a>.<\/p>\n\n\n\n<p>Si la demande de la Personne concern\u00e9e est consid\u00e9r\u00e9e comme l\u00e9gitime, le Responsable du traitement supprimera imm\u00e9diatement l\u2019\u00e9tat d\u00e9fectueux. Cela ne porte pas atteinte au droit du Responsable des donn\u00e9es de contacter l\u2019Autorit\u00e9 de contr\u00f4le, le Bureau pour la protection des donn\u00e9es \u00e0 caract\u00e8re personnel, Pplk. Sochora 27, 170 00 Prague 7, R\u00e9publique tch\u00e8que, +420 234 665 555,&nbsp;<a href=\"https:\/\/www.uoou.cz\/\">www.uoou.cz<\/a>.<\/p>\n\n\n\n<h2 class=\"wp-block-heading\">8. Conclusion<\/h2>\n\n\n\n<p>Les pr\u00e9sentes r\u00e8gles s\u2019appliquent \u00e0 la relation avec la Personne concern\u00e9e \u00e0 la condition qu\u2019il n\u2019ait pas \u00e9t\u00e9 convenu diff\u00e9remment entre la personne tierce et le Responsable du traitement. Le Responsable du traitement se r\u00e9serve le droit de modifier les pr\u00e9sentes conditions pour la protection et le traitement des donn\u00e9es \u00e0 caract\u00e8re personnel \u00e0 tout moment et de quelle que fa\u00e7on que ce soit sachant que la version en vigueur sera publi\u00e9e sur le site internet <a href=\"https:\/\/www.neva.eu\/fr\/rgpd\/\">www.neva.eu\/gdpr<\/a>.<\/p>\n\n<\/div>\n","protected":false},"excerpt":{"rendered":"","protected":false},"author":1,"featured_media":0,"parent":0,"menu_order":140,"comment_status":"closed","ping_status":"closed","template":"","meta":{"_acf_changed":false,"advgb_blocks_editor_width":"","advgb_blocks_columns_visual_guide":"","_daim_seo_power":"1000","_daim_enable_ail":"1","footnotes":""},"class_list":["post-4723","page","type-page","status-publish","hentry"],"acf":[],"aioseo_notices":[],"coauthors":[],"author_meta":{"author_link":"https:\/\/www.neva.eu\/fr\/author\/herman\/","display_name":"herman"},"relative_dates":{"created":"Publi\u00e9 7 years il y a","modified":"Mis \u00e0 jour 1 year il y a"},"absolute_dates":{"created":"Publi\u00e9 le 8. 4. 2019","modified":"Mise \u00e0 jour le 28. 2. 2025"},"absolute_dates_time":{"created":"Publi\u00e9 le 8. 4. 2019 14:12","modified":"Mise \u00e0 jour le 28. 2. 2025 11:17"},"featured_img_caption":"","featured_img":false,"series_order":"","_links":{"self":[{"href":"https:\/\/www.neva.eu\/fr\/wp-json\/wp\/v2\/pages\/4723","targetHints":{"allow":["GET"]}}],"collection":[{"href":"https:\/\/www.neva.eu\/fr\/wp-json\/wp\/v2\/pages"}],"about":[{"href":"https:\/\/www.neva.eu\/fr\/wp-json\/wp\/v2\/types\/page"}],"author":[{"embeddable":true,"href":"https:\/\/www.neva.eu\/fr\/wp-json\/wp\/v2\/users\/1"}],"replies":[{"embeddable":true,"href":"https:\/\/www.neva.eu\/fr\/wp-json\/wp\/v2\/comments?post=4723"}],"version-history":[{"count":5,"href":"https:\/\/www.neva.eu\/fr\/wp-json\/wp\/v2\/pages\/4723\/revisions"}],"predecessor-version":[{"id":27546,"href":"https:\/\/www.neva.eu\/fr\/wp-json\/wp\/v2\/pages\/4723\/revisions\/27546"}],"wp:attachment":[{"href":"https:\/\/www.neva.eu\/fr\/wp-json\/wp\/v2\/media?parent=4723"}],"curies":[{"name":"wp","href":"https:\/\/api.w.org\/{rel}","templated":true}]}}