{"id":4639,"date":"2019-04-08T14:12:54","date_gmt":"2019-04-08T12:12:54","guid":{"rendered":"https:\/\/www.neva.eu\/datenschutz-grundverordnung-dsgvo\/"},"modified":"2025-02-28T11:32:26","modified_gmt":"2025-02-28T10:32:26","slug":"datenschutz-grundverordnung-dsgvo","status":"publish","type":"page","link":"https:\/\/www.neva.eu\/de\/datenschutz-grundverordnung-dsgvo\/","title":{"rendered":"DSGVO"},"content":{"rendered":"        <section id=\"component-ada9ccac3c71cc5150ccb834f4b72163\" class=\"component component-page-header page-header\">\n                    <section class=\"component component-breadcrumb\">\n              <div class=\"container-xl\">\n          <nav aria-label=\"breadcrumb\">\n    <ol class=\"breadcrumb\" itemscope itemtype=\"http:\/\/schema.org\/BreadcrumbList\">\n                      <li class=\"breadcrumb-item active\"itemprop=\"itemListElement\" itemscope itemtype=\"http:\/\/schema.org\/ListItem\" aria-current=\"page\">\n                      <span class=\"current\" itemscope itemtype=\"http:\/\/schema.org\/Thing\" itemprop=\"item\" id=\"breadcrumb-item-1\">\n              <span itemprop=\"name\">\n                Startseite\n              <\/span>\n            <\/span>\n            <meta itemprop=\"position\" content=\"1\" \/>\n                  <\/li>\n          <\/ol>\n  <\/nav>\n          <\/div>\n      <\/section>\n\n<div class=\"page-header__inner\">\n  <div class=\"container-xl\">\n          <h1 class=\"page-header__title\">DSGVO<\/h1>\n              <\/div>\n<\/div>\n      <\/section>\n\n\n<div class=\"wp-bootstrap-blocks-container container mb-2\">\n\t\n\n<h2 class=\"wp-block-heading\">1. Einleitung<\/h2>\n\n\n\n<p><strong>Dieses Dokument (nachfolgend lediglich \u201eRegeln\u201c) stellt Kunden, Lieferanten und Gesch\u00e4ftspartnern (nachfolgend lediglich \u201ebetroffene Person\u201c) der Gesellschaft \u017dALUZIE NEVA s.r.o.,<\/strong> mit Sitz in H\u00e1j 370, 798 12 Kralice na Han\u00e9, IdNr. 26301270, eingetragen beim Registergericht in Brno, Aktenzeichen C 42544 (nachfolgend lediglich \u201eVerantwortlicher\u201c) <strong>Informationen \u00fcber die Verarbeitung ihrer personenbezogenen Daten und die damit verbundenen Rechte gem\u00e4\u00df <\/strong>&nbsp;Art. 12 der Verordnung (EU) 2016\/679 des Europ\u00e4ischen Parlaments und des Rates vom 27. April 2016 zum Schutz nat\u00fcrlicher Personen bei der Verarbeitung personenbezogener Daten, zum freien Datenverkehr und zur Aufhebung der Richtlinie 95\/46\/EG (nachfolgend lediglich \u201eDSGVO\u201c).<\/p>\n\n\n\n<p>Personenbezogene Daten sind alle Informationen, die sich auf eine identifizierte oder identifizierbare nat\u00fcrliche Person beziehen; eine identifizierbare nat\u00fcrliche Person ist eine nat\u00fcrliche Person, die direkt oder indirekt identifiziert werden kann, insbesondere durch Bezugnahme auf eine bestimmte Kennung, wie Name, Identifikationsnummer, Standortinformation, Netzwerkkennung usw. dieser nat\u00fcrlichen Person.<\/p>\n\n\n\n<p>Der Verantwortliche hat keinen Datenschutzbeauftragten ernannt.<\/p>\n\n\n\n<h2 class=\"wp-block-heading\">2. Verantwortlicher f\u00fcr personenbezogene daten<\/h2>\n\n\n\n<p>Der Verantwortliche ist berechtigt, personenbezogene Daten an Stellen zu \u00fcbermitteln, mit denen er einen Vertrag \u00fcber die Verarbeitung personenbezogener Daten geschlossen hat und die personenbezogene Daten f\u00fcr den Verantwortlichen als dessen Auftragsverarbeiter verarbeiten. Auf der Grundlage des Vorstehenden ist der Verantwortliche berechtigt, personenbezogene Daten der betroffenen Person an die folgenden Stellen, ggf. Kategorien von Stellen zu \u00fcbertragen:<\/p>\n\n\n\n<ul class=\"wp-block-list\">\n<li>Unternehmen oder Personen, die G\u00fcter bef\u00f6rdern,<\/li>\n\n\n\n<li>Montagegruppen,<\/li>\n\n\n\n<li>Personen, die Softwarebetrieb und Datenspeicherung bereitstellen (Bestellungserstellung).<\/li>\n<\/ul>\n\n\n\n<p>Die personenbezogenen Daten der betroffenen Person k\u00f6nnen au\u00dferdem an folgende Empf\u00e4nger \/ Empf\u00e4ngerkategorien weitergegeben werden:<\/p>\n\n\n\n<ul class=\"wp-block-list\">\n<li>Auftragnehmer des Verantwortlichen,<\/li>\n\n\n\n<li>Mitarbeiter des Verantwortlichen,<\/li>\n\n\n\n<li>Personen in sonstigen Vertragsverh\u00e4ltnissen mit dem Verantwortlichen (z. B. Anbieter von Marketing- und Werbedienstleistungen),<\/li>\n\n\n\n<li>Finanzinstitute und Versicherungen,<\/li>\n\n\n\n<li>staatliche Beh\u00f6rden im Rahmen der Erf\u00fcllung der gesetzlichen, durch die einschl\u00e4gigen gesetzlichen Bestimmungen festgelegten Pflichten des Verantwortlichen.<\/li>\n<\/ul>\n\n\n\n<p><\/p>\n\n\n\n<h2 class=\"wp-block-heading\">3. Kategorie der verarbeiteten personenbezogenen daten<\/h2>\n\n\n\n<p>Insbesondere ist der Verantwortliche berechtigt, folgende personenbezogene Daten der betroffenen Person zu verarbeiten:<\/p>\n\n\n\n<ul class=\"wp-block-list\">\n<li>Adress- und Identifizierungsdaten, die zur eindeutigen und unverwechselbaren Identifizierung der betroffenen Person dienen (z. B. Vorname, Name, Titel, Adresse des st\u00e4ndigen Wohnsitzes, Niederlassungsadresse, Lieferadresse, IdNr., USt-IdNr.) und Kontaktdaten mit der betroffenen Person (z. B. Kontaktadresse, Telefonnummer, E-Mail-Adresse usw.),<\/li>\n\n\n\n<li>beschreibende Informationen (z. B. Bankverbindung, Bestellverlauf),<\/li>\n\n\n\n<li>Fotos, Vorschaubilder, Banner und Videos,<\/li>\n\n\n\n<li>Daten, die \u00fcber den Rahmen der geltenden Gesetze hinaus bereitgestellt werden und mit Zustimmung der betroffenen Person verarbeitet wurden (z. B. Verwendung personenbezogener Daten f\u00fcr die Personalverwaltung, Verwendung personenbezogener Daten f\u00fcr Werbezwecke und dergleichen),<\/li>\n\n\n\n<li>pers\u00f6nliche Einstellungen (Pr\u00e4ferenzen), einschlie\u00dflich Einstellungen im Bereich Marketing und Cookies seitens der betroffenen Person,<\/li>\n\n\n\n<li>sonstige f\u00fcr die Vertragserf\u00fcllung erforderliche Daten,<\/li>\n\n\n\n<li>sonstige personenbezogene Daten, die die betroffene Person dem Verantwortlichen zur Verf\u00fcgung stellt.<\/li>\n<\/ul>\n\n\n\n<p><\/p>\n\n\n\n<h2 class=\"wp-block-heading\">4. Zwecke der verarbeitung personenbezogener daten<\/h2>\n\n\n\n<p>Der f\u00fcr die Verarbeitung Verantwortliche verarbeitet personenbezogene Daten der betroffenen Person zu folgenden Zwecken:<\/p>\n\n\n\n<ul class=\"wp-block-list\">\n<li>A) die Erf\u00fcllung des Vertrags gem\u00e4\u00df Art. 6 Abs. 1 Buchst. b) DSGVO,<\/li>\n\n\n\n<li>B) Einhaltung der gesetzlichen Verpflichtung des Verantwortlichen gem\u00e4\u00df einer allgemein verbindlichen Rechtsvorschrift auf der Grundlage von Art. 6 Abs. 1 Buchst. c) DSGVO (z. B. die Verpflichtung des Verantwortlichen zur Archivierung von Buchhaltungs- und Steuerunterlagen),<\/li>\n\n\n\n<li>C) Feststellung, Ausf\u00fchrung oder Verteidigung der gesetzlichen Rechte des Verantwortlichen gem\u00e4\u00df Art. 6 Abs. 1 Buchst. f) DSGVO,<\/li>\n\n\n\n<li>D) \u00dcbermittlung von kommerziellen Mitteilungen, und zwar gem\u00e4\u00df Art. 6 Abs. 1 Buchst. f) DSGVO aufgrund des Bestehens eines berechtigten Interesses des Verantwortlichen, das in Direktmarketing liegt,<\/li>\n\n\n\n<li>E) sonstige Marketingzwecke des Verantwortlichen im Zusammenhang mit dem Angebot von Produkten und Dienstleistungen; Versenden von Informationen \u00fcber Neuheiten (Produkte, Technologien, Showrooms), Unternehmenspr\u00e4sentationen (Messen, Ausstellungen), Dienstleistungen usw. (z. B. durch Versenden von Newslettern, Telemarketing); Kontaktaufnahme f\u00fcr Markt- und Marketingforschung; Kontaktaufnahme zum Zweck von W\u00fcnschen zu wichtigen nationalen Feiertage und Versenden von Geschenkgutscheinen usw. gem\u00e4\u00df Art. 6 Abs. 1 Buchst. a) DSGVO.<\/li>\n<\/ul>\n\n\n\n<p><\/p>\n\n\n\n<h2 class=\"wp-block-heading\">5. Dauer der verarbeitung personenbezogener daten<\/h2>\n\n\n\n<p>Personenbezogene Daten werden nur so lange verarbeitet, wie es f\u00fcr die Verarbeitung erforderlich ist. In Anbetracht des Vorstehenden:<\/p>\n\n\n\n<ul class=\"wp-block-list\">\n<li>zum Zweck gem\u00e4\u00df Buchst. A) oben genannten Zweck werden die personenbezogenen Daten bis zur Beendigung der vertraglichen Verpflichtungen verarbeitet (dies beeintr\u00e4chtigt nicht die M\u00f6glichkeit des Verantwortlichen, diese personenbezogenen Daten \u2013 im erforderlichen Umfang \u2013 weiter zu verarbeiten,<\/li>\n\n\n\n<li>zum Zweck gem\u00e4\u00df Buchst. B), C), D) und\/oder E) oben,<\/li>\n\n\n\n<li>zum Zweck gem\u00e4\u00df Buchst. B) oben werden die personenbezogenen Daten f\u00fcr die Dauer des Bestehens der entsprechenden gesetzlichen Verpflichtung des Verantwortlichen verarbeitet,<\/li>\n\n\n\n<li>zum Zweck gem\u00e4\u00df Buchst. (C) die Menge der personenbezogenen Daten wird bis zum Ende des vierten Kalenderjahres nach Ablauf der vertraglichen Gew\u00e4hrleistungsfrist verarbeitet (sofern im Vertrag eine Qualit\u00e4tsgarantie vereinbart wurde), mindestens jedoch bis zum f\u00fcnften Kalenderjahr nach Beendigung der vertraglichen Verpflichtungen; W\u00e4hrend der Dauer des Gerichts-, Verwaltungs- oder sonstigen Verfahrens, in dem die Rechte oder Pflichten des f\u00fcr die Verarbeitung Verantwortlichen in Bezug auf die betreffende betroffene Person behandelt werden, endet der Zeitraum der Verarbeitung personenbezogener Daten f\u00fcr den Zweck gem\u00e4\u00df Buchst. C) vor Abschluss eines solchen Verfahrens,<\/li>\n\n\n\n<li>zum Zwecke der Versendung von Werbemitteilungengem\u00e4\u00df Buchst. D) oben werden personenbezogene Daten verarbeitet, bis der Betroffene seine Ablehnung einer solchen Verarbeitung f\u00fcr die unter Buchstabe a genannten Zwecke zum Ausdruck bringt,<\/li>\n\n\n\n<li>f\u00fcr Zwecke gem\u00e4\u00df Buchst. E) oben werden die personenbezogenen Daten f\u00fcr den Zeitraum verarbeitet, f\u00fcr den die betroffene Person dem Verantwortlichen die Einwilligung gem\u00e4\u00df der separat vereinbarten Einwilligung zur Verarbeitung personenbezogener Daten erteilt hat. In diesem Fall nimmt die betroffene Person zur Kenntnis, dass der Verantwortliche sich vor Ablauf dieser Frist an ihn wenden kann, um seine Einwilligung zu verl\u00e4ngern.<\/li>\n<\/ul>\n\n\n\n<p>Sp\u00e4testens bis zum Ende des Kalenderquartals nach Ablauf der oben genannten Verarbeitungsfrist werden die relevanten personenbezogenen Daten, f\u00fcr die der Zweck der Verarbeitung verstrichen ist, vernichtet (durch Skartierung oder eine andere Art und Weise, die sicherstellt, dass Unbefugte keine Kenntnis der personenbezogenen Daten erhalten k\u00f6nnen) oder anonymisiert.<\/p>\n\n\n\n<h2 class=\"wp-block-heading\">6. Art der verarbeitung personenbezogener daten<\/h2>\n\n\n\n<p>Die Verarbeitung personenbezogener Daten erfolgt durch den Verantwortlichen. Die Verarbeitung erfolgt in den Gesch\u00e4ftsr\u00e4umen, Zweigniederlassungen und am Hauptsitz des Verantwortlichen durch die beauftragten Mitarbeiter des Verantwortlichen, ggf. durch einen Auftragsverarbeiter. Die Verarbeitung erfolgt computertechnisch, ggf. auch auf manuelle Weise f\u00fcr personenbezogene Daten in Papierform, unter Einhaltung aller Sicherheitsgrunds\u00e4tze f\u00fcr die Verwaltung und Verarbeitung personenbezogener Daten.Zu diesem Zweck hat der Verantwortliche technische und organisatorische Ma\u00dfnahmen getroffen, um den Schutz der personenbezogene Daten zu gew\u00e4hrleisten, insbesondere Ma\u00dfnahmen, um den unbefugten oder versehentlichen Zugriff auf die personenbezogenen Daten, ihre \u00c4nderung, Zerst\u00f6rung oder ihren Verlust, ihre unbefugte Weitergabe, ihre unbefugte Verarbeitung und sonstigen Missbrauch personenbezogener Daten zu verhindern. Alle Stellen, denen personenbezogene Daten offengelegt werden d\u00fcrfen, respektieren das Recht der betroffenen Personen auf Schutz der Privatsph\u00e4re und sind verpflichtet, die geltenden Datenschutzgesetze einzuhalten. Eine automatisierte individuelle Entscheidungsfindung und Profiling auf der Grundlage der bereitgestellten Daten wird nicht durchgef\u00fchrt. Personenbezogene Daten von betroffenen Personen werden nicht in Drittl\u00e4nder (d.&nbsp;h Nicht-EU- und Nicht-EWR-L\u00e4nder) \u00fcbertragen.<\/p>\n\n\n\n<h2 class=\"wp-block-heading\">7. Rechte im zusammenhang mit der verarbeitung personenbezogener daten<\/h2>\n\n\n\n<p>Im Zusammenhang mit der Verarbeitung ihrer personenbezogenen Daten hat die betroffene Person eine Reihe von Rechten, zu welchen das Recht z\u00e4hlt, vom Verantwortlichen Folgendes zu verlangen:<\/p>\n\n\n\n<ul class=\"wp-block-list\">\n<li>Zugang zu seinen personenbezogenen Daten (unter den Bedingungen des Art. 15 DSGVO),<\/li>\n\n\n\n<li>Berichtigung oder L\u00f6schung der personenbezogener Daten (unter den Bedingungen des Art. 16 oder Art. 17 DSGVO),<\/li>\n\n\n\n<li>Beschr\u00e4nkung der Verarbeitung personenbezogener Daten (unter den Bedingungen des Art. 18 DSGVO),<\/li>\n\n\n\n<li>Einw\u00e4nde gegen die Verarbeitung personenbezogener Daten zu erheben (unter den Bedingungen des Art. 21 DSGVO),<\/li>\n\n\n\n<li>Recht auf Daten\u00fcbertragbarkeit (unter den Bedingungen des Art. 20 DSGVO),<\/li>\n\n\n\n<li>das Recht, die Zustimmung zur Verarbeitung personenbezogener Daten schriftlich oder elektronisch an die in diesen Regeln angegebene Adresse oder E-Mail-Adresse des Verantwortlichen zu widerrufen.<\/li>\n<\/ul>\n\n\n\n<p>Wenn der Betroffene herausfindet oder glaubt, dass seine personenbezogenen Daten unter Versto\u00df gegen die Privatsph\u00e4re des Betroffenen oder die gesetzlichen Bestimmungen verarbeitet werden, hat er das Recht, sich an den Verantwortlichen zu wenden, um Erkl\u00e4rung zu fordern und\/oder Abhilfe einzufordern. Die Forderung muss schriftlich per Brief oder E-Mail an die Kontaktadresse des Verantwortlichen gesendet werden:&nbsp;<a href=\"mailto:info@neva.eu\">info@neva.eu<\/a>.<\/p>\n\n\n\n<p>Wird die Anfrage des Betroffenen als berechtigt befunden, hat der Verantwortliche den mangelhaften Zustand unverz\u00fcglich zu beheben. Davon bleibt die M\u00f6glichkeit der betroffenen Person, sich an die Aufsichtsbeh\u00f6rde, das Amt f\u00fcr den Schutz personenbezogener Daten (\u00da\u0159ad pro ochranu osobn\u00edch \u00fadaj\u016f), Pplk. Sochora 27, 170 00 Praha 7, Czech Republic, +420 234 665, zu wenden, unber\u00fchrt. 555,&nbsp;<a href=\"https:\/\/www.uoou.cz\/\">www.uoou.cz<\/a>.<\/p>\n\n\n\n<h2 class=\"wp-block-heading\">8. Fazit<\/h2>\n\n\n\n<p>Diese Regeln gelten in Beziehung zur betroffenen Personen, sofern zwischen einem Dritten und dem Verantwortlichen nichts anderes vereinbart wurde. Der Verantwortliche beh\u00e4lt sich das Recht vor, diese Bedingungen f\u00fcr den Schutz und die Verarbeitung personenbezogener Daten zu \u00e4ndern. Der aktuelle Status wird stets auf der Website <a href=\"https:\/\/www.neva.eu\/de\/datenschutz-grundverordnung-dsgvo\/\">www.neva.eu\/DSGVO<\/a> ver\u00f6ffentlicht.<\/p>\n\n<\/div>\n","protected":false},"excerpt":{"rendered":"","protected":false},"author":1,"featured_media":0,"parent":0,"menu_order":139,"comment_status":"closed","ping_status":"closed","template":"","meta":{"_acf_changed":false,"advgb_blocks_editor_width":"","advgb_blocks_columns_visual_guide":"","_daim_seo_power":"1000","_daim_enable_ail":"1","footnotes":""},"class_list":["post-4639","page","type-page","status-publish","hentry"],"acf":[],"aioseo_notices":[],"coauthors":[],"author_meta":{"author_link":"https:\/\/www.neva.eu\/de\/author\/herman\/","display_name":"herman"},"relative_dates":{"created":"Ver\u00f6ffentlicht 7 years vor","modified":"Aktualisiert 1 year vor"},"absolute_dates":{"created":"Ver\u00f6ffentlicht am 8. 4. 2019","modified":"Aktualisiert am 28. 2. 2025"},"absolute_dates_time":{"created":"Ver\u00f6ffentlicht am 8. 4. 2019 14:12","modified":"Aktualisiert am 28. 2. 2025 11:32"},"featured_img_caption":"","featured_img":false,"series_order":"","_links":{"self":[{"href":"https:\/\/www.neva.eu\/de\/wp-json\/wp\/v2\/pages\/4639","targetHints":{"allow":["GET"]}}],"collection":[{"href":"https:\/\/www.neva.eu\/de\/wp-json\/wp\/v2\/pages"}],"about":[{"href":"https:\/\/www.neva.eu\/de\/wp-json\/wp\/v2\/types\/page"}],"author":[{"embeddable":true,"href":"https:\/\/www.neva.eu\/de\/wp-json\/wp\/v2\/users\/1"}],"replies":[{"embeddable":true,"href":"https:\/\/www.neva.eu\/de\/wp-json\/wp\/v2\/comments?post=4639"}],"version-history":[{"count":5,"href":"https:\/\/www.neva.eu\/de\/wp-json\/wp\/v2\/pages\/4639\/revisions"}],"predecessor-version":[{"id":27550,"href":"https:\/\/www.neva.eu\/de\/wp-json\/wp\/v2\/pages\/4639\/revisions\/27550"}],"wp:attachment":[{"href":"https:\/\/www.neva.eu\/de\/wp-json\/wp\/v2\/media?parent=4639"}],"curies":[{"name":"wp","href":"https:\/\/api.w.org\/{rel}","templated":true}]}}